{"id":269,"date":"2024-04-07T18:04:40","date_gmt":"2024-04-07T16:04:40","guid":{"rendered":"https:\/\/afref.eu\/?page_id=269"},"modified":"2024-06-17T15:27:49","modified_gmt":"2024-06-17T13:27:49","slug":"elementor-269","status":"publish","type":"page","link":"https:\/\/afref.eu\/index.php\/elementor-269\/","title":{"rendered":"Elementor #269"},"content":{"rendered":"\t\t<div data-elementor-type=\"wp-page\" data-elementor-id=\"269\" class=\"elementor elementor-269\" data-elementor-post-type=\"page\">\n\t\t\t\t<div class=\"elementor-element elementor-element-12a65e0 e-flex e-con-boxed e-con e-parent\" data-id=\"12a65e0\" data-element_type=\"container\">\n\t\t\t\t\t<div class=\"e-con-inner\">\n\t\t\t\t<div class=\"elementor-element elementor-element-24cc1c9 elementor-grid-1 elementor-posts--thumbnail-left elementor-grid-tablet-1 elementor-grid-mobile-1 elementor-widget elementor-widget-posts\" data-id=\"24cc1c9\" data-element_type=\"widget\" data-settings=\"{&quot;classic_columns&quot;:&quot;1&quot;,&quot;classic_columns_tablet&quot;:&quot;1&quot;,&quot;classic_columns_mobile&quot;:&quot;1&quot;,&quot;classic_row_gap&quot;:{&quot;unit&quot;:&quot;px&quot;,&quot;size&quot;:35,&quot;sizes&quot;:[]},&quot;classic_row_gap_tablet&quot;:{&quot;unit&quot;:&quot;px&quot;,&quot;size&quot;:&quot;&quot;,&quot;sizes&quot;:[]},&quot;classic_row_gap_mobile&quot;:{&quot;unit&quot;:&quot;px&quot;,&quot;size&quot;:&quot;&quot;,&quot;sizes&quot;:[]}}\" data-widget_type=\"posts.classic\">\n\t\t\t\t<div class=\"elementor-widget-container\">\n\t\t\t\t\t\t\t<div class=\"elementor-posts-container elementor-posts elementor-posts--skin-classic elementor-grid\">\n\t\t\t\t<article class=\"elementor-post elementor-grid-item post-872 post type-post status-publish format-standard hentry category-activites category-actualite\">\n\t\t\t\t<div class=\"elementor-post__text\">\n\t\t\t\t<h3 class=\"elementor-post__title\">\n\t\t\t<a href=\"https:\/\/afref.eu\/index.php\/2026\/04\/21\/atelier-tirer-parti-des-contraintes\/\" >\n\t\t\t\tAtelier_ AFREF- Jeudi 11 juin 2026, 9h-13h : \u00ab\u00a0Tirer parti des contraintes\u00a0\u00bb\t\t\t<\/a>\n\t\t<\/h3>\n\t\t\t\t<div class=\"elementor-post__meta-data\">\n\t\t\t\t\t<span class=\"elementor-post-date\">\n\t\t\t21 avril 2026\t\t<\/span>\n\t\t\t\t<\/div>\n\t\t\t\t<div class=\"elementor-post__excerpt\">\n\t\t\t<p>L\u2019Association AFREF vous propose son Atelier r\u00e9gulier : \u00bb \u00ab Tirer parti des contraintes \u00bb, le jeudi 11 juin 2026 de 9h \u00e0 13h . \u2705 Participants : Toute personne int\u00e9ress\u00e9e par l\u2019approche (Professionnels de la formation, du d\u00e9veloppement RH \u2026). \u2753 Faire autrement avec ses contraintes ? Une illusion ? Une possibilit\u00e9 ? Une opportunit\u00e9 ? Si oui, comment? Seul(e) \u00e0 plusieurs? Cet Atelier de l\u2019Association AFREF fait suite au webinaire du 21 septembre 2024 et des s\u00e9ances lanc\u00e9es depuis le 1er semestre 2025. Envie d\u2019en savoir plus, de trouver vos solutions, envie de partager et d\u2019\u00e9changer des pratiques? Ces ateliers vous permettront de prendre un temps pour \u00ab poser \u00bb vos contraintes, \u00e0 partir d\u2019une situation de votre choix, r\u00e9fl\u00e9chir, partager, voir autrement\u2026 \u00bb NB : Chaque atelier peut se suffire \u00e0 lui-m\u00eame et permet \u00e9galement d\u2019approfondir les r\u00e9flexions de chacun sur la dur\u00e9e. Cet atelier gratuit se d\u00e9roulera \u00e0 : PARIS \u2013 CNAM et sera anim\u00e9 par : Pierrette SOREL, Dominique FAUCONNIER. Pour vous inscrire : https:\/\/www.helloasso.com\/associations\/afref\/evenements\/atelier-afref-11-juin-2026-tirer-parti-des-contraintes-9h-13h<\/p>\n\t\t<\/div>\n\t\t\n\t\t<a class=\"elementor-post__read-more\" href=\"https:\/\/afref.eu\/index.php\/2026\/04\/21\/atelier-tirer-parti-des-contraintes\/\" aria-label=\"En savoir plus sur Atelier_ AFREF- Jeudi 11 juin 2026, 9h-13h : \u00ab\u00a0Tirer parti des contraintes\u00a0\u00bb\" tabindex=\"-1\" >\n\t\t\tLire la suite \u00bb\t\t<\/a>\n\n\t\t\t\t<\/div>\n\t\t\t\t<\/article>\n\t\t\t\t<article class=\"elementor-post elementor-grid-item post-862 post type-post status-publish format-standard hentry category-activites category-actualite\">\n\t\t\t\t<div class=\"elementor-post__text\">\n\t\t\t\t<h3 class=\"elementor-post__title\">\n\t\t\t<a href=\"https:\/\/afref.eu\/index.php\/2026\/04\/13\/cafe-pedagogique-afref-et-vous-concretement-comment-ca-se-passe\/\" >\n\t\t\t\tCaf\u00e9 p\u00e9dagogique AFREF-jeudi 23 avril 2026 :\u201cET VOUS, CONCRETEMENT, COMMENT \u00c7A SE PASSE ?\u201d\t\t\t<\/a>\n\t\t<\/h3>\n\t\t\t\t<div class=\"elementor-post__meta-data\">\n\t\t\t\t\t<span class=\"elementor-post-date\">\n\t\t\t13 avril 2026\t\t<\/span>\n\t\t\t\t<\/div>\n\t\t\t\t<div class=\"elementor-post__excerpt\">\n\t\t\t<p>jeudi 23 avril 2026 de 14h00 \u00c0 16h00, au c\u0153ur de la Biennale Internationale de l&rsquo;\u00e9ducation, de la formation et des pratiques professionnelles dans son \u00e9dition 2026, l&rsquo;AFREF vous invite \u00e0 vivre le th\u00e8me pos\u00e9 par cette Biennale \u00ab\u00a0Faire exp\u00e9riences\u00a0\u00bb; Un&nbsp;apr\u00e8s-midi pour se rencontrer, partager nos r\u00e9alit\u00e9s de terrain et mettre en discussion ce que nous vivons concr\u00e8tement dans nos pratiques de formation, d\u2019accompagnement et d\u2019orientation. &nbsp;Cet espace de rencontre, ouvert \u00e0 toutes celles et ceux qui nous connaissent d\u00e9j\u00e0\u2026 ou pas encore, vous propose d\u2019\u00e9changer \u00e0 partir de vos exp\u00e9riences : \u2026pour en tirer ensemble des pistes utiles et activables. Dans le cadre de la \u00ab\u00a0Biennale internationale de l&rsquo;\u00e9ducation, la formation et des pratiques professionnelles\u00a0\u00bb dont le th\u00e8me de cette ann\u00e9e&nbsp; \u201cFaire exp\u00e9riences\u201d, nous vous invitons \u00e0 explorer une question simple : Comment faisons-nous r\u00e9ellement exp\u00e9rience dans nos m\u00e9tiers, et qu\u2019est-ce que cela produit sur nos pratiques ? POURQUOI CE CAFE PEDAGOGIQUE AUJOURD\u2019HUI ? Depuis plusieurs ann\u00e9es, les \u00e9volutions du champ de la formation (r\u00e9formes, logiques de financement, normalisation des pratiques) transforment en profondeur les mani\u00e8res d\u2019apprendre, d\u2019accompagner et de travailler. Sur le terrain, cela se traduit par : NOTRE PROPOSITION Nous animerons un espace d\u2019\u00e9changes structur\u00e9, ancr\u00e9 dans<\/p>\n\t\t<\/div>\n\t\t\n\t\t<a class=\"elementor-post__read-more\" href=\"https:\/\/afref.eu\/index.php\/2026\/04\/13\/cafe-pedagogique-afref-et-vous-concretement-comment-ca-se-passe\/\" aria-label=\"En savoir plus sur Caf\u00e9 p\u00e9dagogique AFREF-jeudi 23 avril 2026 :\u201cET VOUS, CONCRETEMENT, COMMENT \u00c7A SE PASSE ?\u201d\" tabindex=\"-1\" >\n\t\t\tLire la suite \u00bb\t\t<\/a>\n\n\t\t\t\t<\/div>\n\t\t\t\t<\/article>\n\t\t\t\t<article class=\"elementor-post elementor-grid-item post-880 post type-post status-publish format-standard hentry category-activites category-actualite\">\n\t\t\t\t<div class=\"elementor-post__text\">\n\t\t\t\t<h3 class=\"elementor-post__title\">\n\t\t\t<a href=\"https:\/\/afref.eu\/index.php\/2026\/02\/12\/atelier_-afref-jeudi-12-fevrier-2026-9h-13h-tirer-parti-des-contraintes\/\" >\n\t\t\t\tAtelier_ AFREF- Jeudi 12 f\u00e9vrier 2026, 9h-13h : \u00ab\u00a0Tirer parti des contraintes\u00a0\u00bb\t\t\t<\/a>\n\t\t<\/h3>\n\t\t\t\t<div class=\"elementor-post__meta-data\">\n\t\t\t\t\t<span class=\"elementor-post-date\">\n\t\t\t12 f\u00e9vrier 2026\t\t<\/span>\n\t\t\t\t<\/div>\n\t\t\t\t<div class=\"elementor-post__excerpt\">\n\t\t\t<p>L\u2019Association AFREF vous propose son Atelier r\u00e9gulier : \u00bb \u00ab Tirer parti des contraintes \u00bb, lejeudi 11 juin 2026 de 9h \u00e0 13h . \u2705 Participants : Toute personne int\u00e9ress\u00e9e par l\u2019approche (Professionnels de la formation, du d\u00e9veloppement RH \u2026). \u2753 Faire autrement avec ses contraintes ? Une illusion ? Une possibilit\u00e9 ? Une opportunit\u00e9 ? Si oui, comment? Seul(e) \u00e0 plusieurs? Cet Atelier de l\u2019Association AFREF fait suite au webinaire du 21 septembre 2024 et des s\u00e9ances lanc\u00e9es depuis le 1er semestre 2025. Envie d\u2019en savoir plus, de trouver vos solutions, envie de partager et d\u2019\u00e9changer des pratiques? Ces ateliers vous permettront de prendre un temps pour \u00ab poser \u00bb vos contraintes, \u00e0 partir d\u2019une situation de votre choix, r\u00e9fl\u00e9chir, partager, voir autrement\u2026 \u00bb NB : Chaque atelier peut se suffire \u00e0 lui-m\u00eame et permet \u00e9galement d\u2019approfondir les r\u00e9flexions de chacun sur la dur\u00e9e. Cet atelier gratuit se d\u00e9roulera \u00e0 : PARIS \u2013 CNAM et sera anim\u00e9 par : Pierrette SOREL, Dominique FAUCONNIER. Pour vous inscrire : https:\/\/www.helloasso.com\/associations\/afref\/evenements\/atelier-afref-tirer-parti-des-contraintes-12-fevrier-2026-9h-13h<\/p>\n\t\t<\/div>\n\t\t\n\t\t<a class=\"elementor-post__read-more\" href=\"https:\/\/afref.eu\/index.php\/2026\/02\/12\/atelier_-afref-jeudi-12-fevrier-2026-9h-13h-tirer-parti-des-contraintes\/\" aria-label=\"En savoir plus sur Atelier_ AFREF- Jeudi 12 f\u00e9vrier 2026, 9h-13h : \u00ab\u00a0Tirer parti des contraintes\u00a0\u00bb\" tabindex=\"-1\" >\n\t\t\tLire la suite \u00bb\t\t<\/a>\n\n\t\t\t\t<\/div>\n\t\t\t\t<\/article>\n\t\t\t\t<article class=\"elementor-post elementor-grid-item post-842 post type-post status-publish format-standard hentry category-activites category-actualite category-disputactions category-non-classe\">\n\t\t\t\t<div class=\"elementor-post__text\">\n\t\t\t\t<h3 class=\"elementor-post__title\">\n\t\t\t<a href=\"https:\/\/afref.eu\/index.php\/2025\/12\/28\/disputaction-webinaire-mercredi-21-janvier-2026-13h00-14h30-les-situations-intermediaires-dans-les-formations-en-alternance\/\" >\n\t\t\t\tWEBINAIRE\u2013\u00a0Mercredi 21 janvier 2026, 13h00-14h30 \u00a0:\u00a0\u00bbLes situations interm\u00e9diaires dans les formations en alternance\u00a0\u00bb\t\t\t<\/a>\n\t\t<\/h3>\n\t\t\t\t<div class=\"elementor-post__meta-data\">\n\t\t\t\t\t<span class=\"elementor-post-date\">\n\t\t\t28 d\u00e9cembre 2025\t\t<\/span>\n\t\t\t\t<\/div>\n\t\t\t\t<div class=\"elementor-post__excerpt\">\n\t\t\t<p>Pilot\u00e9e par la Direction Observation et Evaluation (DOE) de France comp\u00e9tences, et r\u00e9alis\u00e9e entre 2022 et 2024 par un consortium de chercheurs en sciences de l\u2019\u00e9ducation, l\u2019\u00e9tude Les situations interm\u00e9diaires dans les formations en alternance analyse pour la premi\u00e8re fois, \u00e0 grande \u00e9chelle et de mani\u00e8re empirique, la fa\u00e7on dont les centres de formation organisent les transitions entre \u00e9cole et entreprise, et met en lumi\u00e8re le r\u00f4le cl\u00e9 des \u201csituations interm\u00e9diaires\u201d pour soutenir la professionnalisation des apprenants. B\u00e9atrice Delay,&nbsp;Cheffe de projet Etude-Evaluation \u00e0 France comp\u00e9tences, nous en pr\u00e9sentera les enseignements lors de notre prochain webinaire, le 21 janvier \u00e0 13h pour r\u00e9pondre \u00e0 ces questions&nbsp;&nbsp;: Comment les situations interm\u00e9diaires peuvent-elles am\u00e9liorer la qualit\u00e9 p\u00e9dagogique des formations en alternance en facilitant les transitions entre lieux de formation et de travail, et quelles conditions institutionnelles, organisationnelles et didactiques permettent leur d\u00e9ploiement effectif ?&nbsp;&nbsp; Vous inscrire et participer au d\u00e9bat : https:\/\/www.helloasso.com\/associations\/afref\/evenements\/disput-action-mercredi-21-janvier-13-h00-14h30-gratuit<\/p>\n\t\t<\/div>\n\t\t\n\t\t<a class=\"elementor-post__read-more\" href=\"https:\/\/afref.eu\/index.php\/2025\/12\/28\/disputaction-webinaire-mercredi-21-janvier-2026-13h00-14h30-les-situations-intermediaires-dans-les-formations-en-alternance\/\" aria-label=\"En savoir plus sur WEBINAIRE\u2013\u00a0Mercredi 21 janvier 2026, 13h00-14h30 \u00a0:\u00a0\u00bbLes situations interm\u00e9diaires dans les formations en alternance\u00a0\u00bb\" tabindex=\"-1\" >\n\t\t\tLire la suite \u00bb\t\t<\/a>\n\n\t\t\t\t<\/div>\n\t\t\t\t<\/article>\n\t\t\t\t<article class=\"elementor-post elementor-grid-item post-840 post type-post status-publish format-standard hentry category-activites category-actualite category-disputactions category-non-classe\">\n\t\t\t\t<div class=\"elementor-post__text\">\n\t\t\t\t<h3 class=\"elementor-post__title\">\n\t\t\t<a href=\"https:\/\/afref.eu\/index.php\/2025\/12\/28\/disputaction-webinaire-lundi-15-decembre-2025-17h00-19h00\/\" >\n\t\t\t\tDISPUT\u2019ACTION (webinaire )\u2013\u00a0Lundi 15 d\u00e9cembre 2025, 17h00-19h00 \u00a0: \u00ab\u00a0Les apprentissages et la formation dans l\u2019exp\u00e9rimentation TZCLD (Territoires z\u00e9ro ch\u00f4meur de longue dur\u00e9e) : ENJEUX et PERSPECTIVES WEBINAIRE\u00a0\u00ab\u00a0\t\t\t<\/a>\n\t\t<\/h3>\n\t\t\t\t<div class=\"elementor-post__meta-data\">\n\t\t\t\t\t<span class=\"elementor-post-date\">\n\t\t\t28 d\u00e9cembre 2025\t\t<\/span>\n\t\t\t\t<\/div>\n\t\t\t\t<div class=\"elementor-post__excerpt\">\n\t\t\t<p>L\u2019exp\u00e9rimentation TZCLD est aujourd\u2019hui unanimement reconnue y compris au niveau europ\u00e9en (dans l\u2019\u00e9tat actuel 83 territoires concern\u00e9s, 6291 sorties du CLD dont 4090 salari\u00e9s en CDI. Elle est surtout exemplaire&nbsp;par la mise en actes&nbsp;: Avec, en point d\u2019orgue, une d\u00e9marche invers\u00e9e&nbsp;: il ne s\u2019agit plus de promouvoir \u00ab&nbsp;un sujet libre, autonome, responsable de lui-m\u00eame et de son parcours&nbsp;\u00bb, s\u2019inscrivant, en concurrence, sur \u00ab&nbsp;le march\u00e9 de l\u2019emploi&nbsp;\u00bb. Mais bien de mettre les acquis d\u2019exp\u00e9riences singuli\u00e8res (dans \u00ab&nbsp;les plis du social&nbsp;\u00bb) en regard de besoins non satisfaits, cependant tr\u00e8s utiles socialement et \u00e9cologiquement mais non encore solvables. Avec en perspective la viabilit\u00e9 des emplois ainsi cr\u00e9\u00e9s&nbsp;gr\u00e2ce \u00e0 l\u2019hybridation de sources de financement. Ce qui conduit \u00e0 la mise en actes d\u2019\u00e9cosyst\u00e8mes de gouvernance de proximit\u00e9&nbsp;(les Comit\u00e9s Local pour l\u2019Emploi)) et la cr\u00e9ation d\u2019une structure in\u00e9dite d\u2019accueil et de gestion des emplois ainsi cr\u00e9\u00e9s&nbsp;: les Entreprises \u00e0 But d\u2019Emploi).&nbsp; Pour rendre actives ces synergies de l\u2019agir humain, on mesure les transformations r\u00e9ussies de paradigmes, de regards et de pratiques collectives, partenariales, organisationnelles, institutionnelles sous l\u2019\u00e9gide du politique et l\u2019inventivit\u00e9 qui a pu \u00eatre d\u00e9ploy\u00e9e au niveau de chaque territoire,&nbsp; Au-del\u00e0 des convictions et des mobilisations, quels apprentissages, reconnaissances, r\u00e9ciprocit\u00e9s et accompagnement se sont<\/p>\n\t\t<\/div>\n\t\t\n\t\t<a class=\"elementor-post__read-more\" href=\"https:\/\/afref.eu\/index.php\/2025\/12\/28\/disputaction-webinaire-lundi-15-decembre-2025-17h00-19h00\/\" aria-label=\"En savoir plus sur DISPUT\u2019ACTION (webinaire )\u2013\u00a0Lundi 15 d\u00e9cembre 2025, 17h00-19h00 \u00a0: \u00ab\u00a0Les apprentissages et la formation dans l\u2019exp\u00e9rimentation TZCLD (Territoires z\u00e9ro ch\u00f4meur de longue dur\u00e9e) : ENJEUX et PERSPECTIVES WEBINAIRE\u00a0\u00ab\u00a0\" tabindex=\"-1\" >\n\t\t\tLire la suite \u00bb\t\t<\/a>\n\n\t\t\t\t<\/div>\n\t\t\t\t<\/article>\n\t\t\t\t<article class=\"elementor-post elementor-grid-item post-797 post type-post status-publish format-standard hentry category-activites category-en_cours category-non-classe\">\n\t\t\t\t<div class=\"elementor-post__text\">\n\t\t\t\t<h3 class=\"elementor-post__title\">\n\t\t\t<a href=\"https:\/\/afref.eu\/index.php\/2025\/10\/31\/atelier_afref-jeudi-11-decembre-9h-13h-tirer-parti-des-contraintes\/\" >\n\t\t\t\tATELIER_AFREF &#8211; jeudi 11 d\u00e9cembre 2025, 9h-13h : \u00ab\u00a0Tirer parti des contraintes\u00bb\t\t\t<\/a>\n\t\t<\/h3>\n\t\t\t\t<div class=\"elementor-post__meta-data\">\n\t\t\t\t\t<span class=\"elementor-post-date\">\n\t\t\t31 octobre 2025\t\t<\/span>\n\t\t\t\t<\/div>\n\t\t\t\t<div class=\"elementor-post__excerpt\">\n\t\t\t<p>L&rsquo;Association Afref vous propose son Atelier r\u00e9gulier : \u00a0\u00bb \u00ab\u00a0Tirer parti des contraintes \u00bb, le jeudi 11 d\u00e9cembre 2025 de 9h \u00e0 13h . \u2705 Participants : Toute personne int\u00e9ress\u00e9e par l\u2019approche (Professionnels de la formation, du d\u00e9veloppement RH \u2026). \u2753 Faire autrement avec ses contraintes ? Une illusion ? Une possibilit\u00e9 ? Une opportunit\u00e9 ?&nbsp;Si oui, comment? Seul(e) \u00e0 plusieurs? Cet Atelier de l&rsquo;Association AFREF fait suite au webinaire du 21 septembre 2024 et des s\u00e9ances&nbsp;lanc\u00e9es depuis le 1er semestre&nbsp;2025. Envie d&rsquo;en savoir plus, de trouver vos solutions, envie de partager et d&rsquo;\u00e9changer des pratiques? Ces ateliers vous permettront de prendre un temps pour \u00ab&nbsp;poser&nbsp;\u00bb vos contraintes, \u00e0 partir d\u2019une situation de votre choix, r\u00e9fl\u00e9chir, partager, voir autrement\u2026&nbsp;\u00bb NB : Chaque atelier peut se suffire \u00e0 lui-m\u00eame et permet \u00e9galement d\u2019approfondir les r\u00e9flexions de chacun sur la dur\u00e9e. Cet atelier gratuit se d\u00e9roulera \u00e0 : PARIS \u2013 CNAM 41 rue GAY LUSSAC Paris 75005 et sera anim\u00e9 par : Pierrette SOREL, Dominique FAUCONNIER, Bertrand MIDOT. Pour vous inscrire\ud83d\udc47 https:\/\/www.helloasso.com\/associations\/afref\/evenements\/atelier-afref-9-\u2757 Places limit\u00e9es\u2757<\/p>\n\t\t<\/div>\n\t\t\n\t\t<a class=\"elementor-post__read-more\" href=\"https:\/\/afref.eu\/index.php\/2025\/10\/31\/atelier_afref-jeudi-11-decembre-9h-13h-tirer-parti-des-contraintes\/\" aria-label=\"En savoir plus sur ATELIER_AFREF &#8211; jeudi 11 d\u00e9cembre 2025, 9h-13h : \u00ab\u00a0Tirer parti des contraintes\u00bb\" tabindex=\"-1\" >\n\t\t\tLire la suite \u00bb\t\t<\/a>\n\n\t\t\t\t<\/div>\n\t\t\t\t<\/article>\n\t\t\t\t<article class=\"elementor-post elementor-grid-item post-799 post type-post status-publish format-standard hentry category-activites category-en_cours category-disputactions\">\n\t\t\t\t<div class=\"elementor-post__text\">\n\t\t\t\t<h3 class=\"elementor-post__title\">\n\t\t\t<a href=\"https:\/\/afref.eu\/index.php\/2025\/10\/31\/disputaction-jeudi-16-octobre-2025-enjeux-et-perspectives-de-la-reconnaissance\/\" >\n\t\t\t\tDISPUT\u2019ACTION (webinaire )\u2013\u00a0Jeudi 16 octobre 2025, 12h-13h30 \u00a0: \u00ab\u00a0Enjeux et perspectives de LA RECONNAISSANCE OUVERTE\u00a0\u00bb (co organis\u00e9e avec ADevComp).\t\t\t<\/a>\n\t\t<\/h3>\n\t\t\t\t<div class=\"elementor-post__meta-data\">\n\t\t\t\t\t<span class=\"elementor-post-date\">\n\t\t\t31 octobre 2025\t\t<\/span>\n\t\t\t\t<\/div>\n\t\t\t\t<div class=\"elementor-post__excerpt\">\n\t\t\t<p>L\u2019AFREF et ADevComp organisent conjointement, le 16 octobre prochain, de 12h \u00e0 13h30, un webinaire d\u00e9di\u00e9 \u00e0 \u00ab&nbsp;la Reconnaissance&nbsp;\u00bb. En quoi est-elle devenue une vis\u00e9e structurante des fonctionnements sociaux&nbsp;et des organisations&nbsp;? quelles perspectives la sous-tendent&nbsp;? De la prise en compte de l\u2019exp\u00e9rience \u00e0 la reconnaissance de \u00ab&nbsp;la valeur&nbsp;\u00bb des acquis&nbsp;: &nbsp;enjeux pour la personne et pour les collectifs, \u00e9tat des lieux des diff\u00e9rentes reconnaissances (formelles, semi-formelles et informelles), pratiques d&rsquo;acteurs et d\u2019\u00e9cosyst\u00e8mes d\u00e9di\u00e9s, prospectives pour des politiques de reconnaissance pour les personnes, dans les entreprises, les associations et\/ou sur les territoires.&nbsp; &nbsp; Nos intervenants\u00a0: Lien d&rsquo;inscription : https:\/\/lnkd.in\/eptgtzHW Webinaire gratuit.<\/p>\n\t\t<\/div>\n\t\t\n\t\t<a class=\"elementor-post__read-more\" href=\"https:\/\/afref.eu\/index.php\/2025\/10\/31\/disputaction-jeudi-16-octobre-2025-enjeux-et-perspectives-de-la-reconnaissance\/\" aria-label=\"En savoir plus sur DISPUT\u2019ACTION (webinaire )\u2013\u00a0Jeudi 16 octobre 2025, 12h-13h30 \u00a0: \u00ab\u00a0Enjeux et perspectives de LA RECONNAISSANCE OUVERTE\u00a0\u00bb (co organis\u00e9e avec ADevComp).\" tabindex=\"-1\" >\n\t\t\tLire la suite \u00bb\t\t<\/a>\n\n\t\t\t\t<\/div>\n\t\t\t\t<\/article>\n\t\t\t\t<article class=\"elementor-post elementor-grid-item post-743 post type-post status-publish format-standard has-post-thumbnail hentry category-activites category-en_cours\">\n\t\t\t\t<a class=\"elementor-post__thumbnail__link\" href=\"https:\/\/afref.eu\/index.php\/2025\/09\/30\/disputaction-jeudi-16-octobre-2025-7\/\" tabindex=\"-1\" >\n\t\t\t<div class=\"elementor-post__thumbnail\"><img fetchpriority=\"high\" decoding=\"async\" width=\"768\" height=\"100\" src=\"https:\/\/afref.eu\/wp-content\/uploads\/2024\/04\/cropped-croppedimage-ec28ab2ca1be491f8cb4feedc716b48b-768x100.png\" class=\"attachment-medium_large size-medium_large wp-image-7\" alt=\"\" srcset=\"https:\/\/afref.eu\/wp-content\/uploads\/2024\/04\/cropped-croppedimage-ec28ab2ca1be491f8cb4feedc716b48b-768x100.png 768w, https:\/\/afref.eu\/wp-content\/uploads\/2024\/04\/cropped-croppedimage-ec28ab2ca1be491f8cb4feedc716b48b-300x39.png 300w, https:\/\/afref.eu\/wp-content\/uploads\/2024\/04\/cropped-croppedimage-ec28ab2ca1be491f8cb4feedc716b48b-1024x133.png 1024w, https:\/\/afref.eu\/wp-content\/uploads\/2024\/04\/cropped-croppedimage-ec28ab2ca1be491f8cb4feedc716b48b-1536x199.png 1536w, https:\/\/afref.eu\/wp-content\/uploads\/2024\/04\/cropped-croppedimage-ec28ab2ca1be491f8cb4feedc716b48b.png 1919w\" sizes=\"(max-width: 709px) 85vw, (max-width: 909px) 67vw, (max-width: 984px) 61vw, (max-width: 1362px) 45vw, 600px\" \/><\/div>\n\t\t<\/a>\n\t\t\t\t<div class=\"elementor-post__text\">\n\t\t\t\t<h3 class=\"elementor-post__title\">\n\t\t\t<a href=\"https:\/\/afref.eu\/index.php\/2025\/09\/30\/disputaction-jeudi-16-octobre-2025-7\/\" >\n\t\t\t\tATELIER_AFREF &#8211; Jeudi 9 octobre 2025, 9h -13h00\u00a0: \u00a0\u00ab\u00a0Tirer parti des contraintes\u00a0\u00bb \u00a0\t\t\t<\/a>\n\t\t<\/h3>\n\t\t\t\t<div class=\"elementor-post__meta-data\">\n\t\t\t\t\t<span class=\"elementor-post-date\">\n\t\t\t30 septembre 2025\t\t<\/span>\n\t\t\t\t<\/div>\n\t\t\t\t<div class=\"elementor-post__excerpt\">\n\t\t\t<p>DISPUT&rsquo;ACTION &#8211; Jeudi 11 septembre 2025 de 13h \u00e0 14h30 &nbsp;:&nbsp; \u00ab\u00a0Connaissance et reconnaissance des acquis : quels enjeux etperspectives, \u00e9tat des lieux et pratiques d\u2019acteurs?\u00a0\u00bb. Cette Disput&rsquo;Action, en partenariat avec l&rsquo;Association ADevComp, se d\u00e9roulera en ligne (liste des intervenants et lien pour participer \u00e0 ce webinaire de rentr\u00e9e vous seront communiqu\u00e9s prochainement). Le format Disput&rsquo;action vise \u00e0 cr\u00e9er des espaces de prise de recul et d&rsquo;\u00e9change autour de la pr\u00e9sentation d&rsquo;un article et d&rsquo;une \u201cconfrontation\u201d des points de vue.<\/p>\n\t\t<\/div>\n\t\t\n\t\t<a class=\"elementor-post__read-more\" href=\"https:\/\/afref.eu\/index.php\/2025\/09\/30\/disputaction-jeudi-16-octobre-2025-7\/\" aria-label=\"En savoir plus sur ATELIER_AFREF &#8211; Jeudi 9 octobre 2025, 9h -13h00\u00a0: \u00a0\u00ab\u00a0Tirer parti des contraintes\u00a0\u00bb \u00a0\" tabindex=\"-1\" >\n\t\t\tLire la suite \u00bb\t\t<\/a>\n\n\t\t\t\t<\/div>\n\t\t\t\t<\/article>\n\t\t\t\t<article class=\"elementor-post elementor-grid-item post-681 post type-post status-publish format-standard has-post-thumbnail hentry category-activites category-en_cours\">\n\t\t\t\t<a class=\"elementor-post__thumbnail__link\" href=\"https:\/\/afref.eu\/index.php\/2024\/12\/18\/disputaction-jeudi-16-janvier-2025-4\/\" tabindex=\"-1\" >\n\t\t\t<div class=\"elementor-post__thumbnail\"><img fetchpriority=\"high\" decoding=\"async\" width=\"768\" height=\"100\" src=\"https:\/\/afref.eu\/wp-content\/uploads\/2024\/04\/cropped-croppedimage-ec28ab2ca1be491f8cb4feedc716b48b-768x100.png\" class=\"attachment-medium_large size-medium_large wp-image-7\" alt=\"\" srcset=\"https:\/\/afref.eu\/wp-content\/uploads\/2024\/04\/cropped-croppedimage-ec28ab2ca1be491f8cb4feedc716b48b-768x100.png 768w, https:\/\/afref.eu\/wp-content\/uploads\/2024\/04\/cropped-croppedimage-ec28ab2ca1be491f8cb4feedc716b48b-300x39.png 300w, https:\/\/afref.eu\/wp-content\/uploads\/2024\/04\/cropped-croppedimage-ec28ab2ca1be491f8cb4feedc716b48b-1024x133.png 1024w, https:\/\/afref.eu\/wp-content\/uploads\/2024\/04\/cropped-croppedimage-ec28ab2ca1be491f8cb4feedc716b48b-1536x199.png 1536w, https:\/\/afref.eu\/wp-content\/uploads\/2024\/04\/cropped-croppedimage-ec28ab2ca1be491f8cb4feedc716b48b.png 1919w\" sizes=\"(max-width: 709px) 85vw, (max-width: 909px) 67vw, (max-width: 984px) 61vw, (max-width: 1362px) 45vw, 600px\" \/><\/div>\n\t\t<\/a>\n\t\t\t\t<div class=\"elementor-post__text\">\n\t\t\t\t<h3 class=\"elementor-post__title\">\n\t\t\t<a href=\"https:\/\/afref.eu\/index.php\/2024\/12\/18\/disputaction-jeudi-16-janvier-2025-4\/\" >\n\t\t\t\tReport de La DISPUT&rsquo;ACTION : \u00ab\u00a0De la possibilit\u00e9 d\u2019apprendre : des capabilit\u00e9s \u00e0 l\u2019apprenance\u00a0\u00bb\t\t\t<\/a>\n\t\t<\/h3>\n\t\t\t\t<div class=\"elementor-post__meta-data\">\n\t\t\t\t\t<span class=\"elementor-post-date\">\n\t\t\t18 d\u00e9cembre 2024\t\t<\/span>\n\t\t\t\t<\/div>\n\t\t\t\t<div class=\"elementor-post__excerpt\">\n\t\t\t<p>La DISPUT&rsquo;ACTION &#8211; Report\u00e9e \u00e0 la rentr\u00e9e de septembre : \u00ab\u00a0De la possibilit\u00e9 d\u2019apprendre : des capabilit\u00e9s \u00e0 l\u2019apprenance\u00a0\u00bb Intervenants \u00e0 venir Quelles sont les conditions, les environnements et les attitudes qui permettent d\u2019apprendre ? Le format disput&rsquo;action vise \u00e0 cr\u00e9er des espaces de prise de recul et d&rsquo;\u00e9change autour de la pr\u00e9sentation d&rsquo;un article et d&rsquo;une \u201cconfrontation\u201d des points de vue.Pour s&rsquo;inscrire : (\u00e0 venir) kk<\/p>\n\t\t<\/div>\n\t\t\n\t\t<a class=\"elementor-post__read-more\" href=\"https:\/\/afref.eu\/index.php\/2024\/12\/18\/disputaction-jeudi-16-janvier-2025-4\/\" aria-label=\"En savoir plus sur Report de La DISPUT&rsquo;ACTION : \u00ab\u00a0De la possibilit\u00e9 d\u2019apprendre : des capabilit\u00e9s \u00e0 l\u2019apprenance\u00a0\u00bb\" tabindex=\"-1\" >\n\t\t\tLire la suite \u00bb\t\t<\/a>\n\n\t\t\t\t<\/div>\n\t\t\t\t<\/article>\n\t\t\t\t<article class=\"elementor-post elementor-grid-item post-679 post type-post status-publish format-standard has-post-thumbnail hentry category-activites category-en_cours\">\n\t\t\t\t<a class=\"elementor-post__thumbnail__link\" href=\"https:\/\/afref.eu\/index.php\/2024\/12\/18\/disputaction-jeudi-16-janvier-2025-3\/\" tabindex=\"-1\" >\n\t\t\t<div class=\"elementor-post__thumbnail\"><img fetchpriority=\"high\" decoding=\"async\" width=\"768\" height=\"100\" src=\"https:\/\/afref.eu\/wp-content\/uploads\/2024\/04\/cropped-croppedimage-ec28ab2ca1be491f8cb4feedc716b48b-768x100.png\" class=\"attachment-medium_large size-medium_large wp-image-7\" alt=\"\" srcset=\"https:\/\/afref.eu\/wp-content\/uploads\/2024\/04\/cropped-croppedimage-ec28ab2ca1be491f8cb4feedc716b48b-768x100.png 768w, https:\/\/afref.eu\/wp-content\/uploads\/2024\/04\/cropped-croppedimage-ec28ab2ca1be491f8cb4feedc716b48b-300x39.png 300w, https:\/\/afref.eu\/wp-content\/uploads\/2024\/04\/cropped-croppedimage-ec28ab2ca1be491f8cb4feedc716b48b-1024x133.png 1024w, https:\/\/afref.eu\/wp-content\/uploads\/2024\/04\/cropped-croppedimage-ec28ab2ca1be491f8cb4feedc716b48b-1536x199.png 1536w, https:\/\/afref.eu\/wp-content\/uploads\/2024\/04\/cropped-croppedimage-ec28ab2ca1be491f8cb4feedc716b48b.png 1919w\" sizes=\"(max-width: 709px) 85vw, (max-width: 909px) 67vw, (max-width: 984px) 61vw, (max-width: 1362px) 45vw, 600px\" \/><\/div>\n\t\t<\/a>\n\t\t\t\t<div class=\"elementor-post__text\">\n\t\t\t\t<h3 class=\"elementor-post__title\">\n\t\t\t<a href=\"https:\/\/afref.eu\/index.php\/2024\/12\/18\/disputaction-jeudi-16-janvier-2025-3\/\" >\n\t\t\t\tWEBINAIRE &#8211; Jeudi 10 Mai : \u00ab\u00a0Que nous apprennent les situations \u00ab d\u2019emp\u00eachement \u00bb, situ\u00e9es en dehors des normes commun\u00e9ment \u00e9tablies ?\u00a0\u00bb\t\t\t<\/a>\n\t\t<\/h3>\n\t\t\t\t<div class=\"elementor-post__meta-data\">\n\t\t\t\t\t<span class=\"elementor-post-date\">\n\t\t\t18 d\u00e9cembre 2024\t\t<\/span>\n\t\t\t\t<\/div>\n\t\t\t\t<div class=\"elementor-post__excerpt\">\n\t\t\t<p>WEBINAIRE &#8211; Jeudi 10 Mai : \u00ab\u00a0Que nous apprennent les situations \u00ab d\u2019emp\u00eachement \u00bb, situ\u00e9es en dehors des normes commun\u00e9ment \u00e9tablies ?\u00a0\u00bb Intervenant \u00e0 venir Le format disput&rsquo;action vise \u00e0 cr\u00e9er des espaces de prise de recul et d&rsquo;\u00e9change autour de la pr\u00e9sentation d&rsquo;un article et d&rsquo;une \u201cconfrontation\u201d des points de vue.Pour s&rsquo;inscrire : (\u00e0 venir)<\/p>\n\t\t<\/div>\n\t\t\n\t\t<a class=\"elementor-post__read-more\" href=\"https:\/\/afref.eu\/index.php\/2024\/12\/18\/disputaction-jeudi-16-janvier-2025-3\/\" aria-label=\"En savoir plus sur WEBINAIRE &#8211; Jeudi 10 Mai : \u00ab\u00a0Que nous apprennent les situations \u00ab d\u2019emp\u00eachement \u00bb, situ\u00e9es en dehors des normes commun\u00e9ment \u00e9tablies ?\u00a0\u00bb\" tabindex=\"-1\" >\n\t\t\tLire la suite \u00bb\t\t<\/a>\n\n\t\t\t\t<\/div>\n\t\t\t\t<\/article>\n\t\t\t\t<article class=\"elementor-post elementor-grid-item post-675 post type-post status-publish format-standard has-post-thumbnail hentry category-activites category-en_cours\">\n\t\t\t\t<a class=\"elementor-post__thumbnail__link\" href=\"https:\/\/afref.eu\/index.php\/2024\/12\/18\/disputaction-jeudi-16-janvier-2025-2\/\" tabindex=\"-1\" >\n\t\t\t<div class=\"elementor-post__thumbnail\"><img fetchpriority=\"high\" decoding=\"async\" width=\"768\" height=\"100\" src=\"https:\/\/afref.eu\/wp-content\/uploads\/2024\/04\/cropped-croppedimage-ec28ab2ca1be491f8cb4feedc716b48b-768x100.png\" class=\"attachment-medium_large size-medium_large wp-image-7\" alt=\"\" srcset=\"https:\/\/afref.eu\/wp-content\/uploads\/2024\/04\/cropped-croppedimage-ec28ab2ca1be491f8cb4feedc716b48b-768x100.png 768w, https:\/\/afref.eu\/wp-content\/uploads\/2024\/04\/cropped-croppedimage-ec28ab2ca1be491f8cb4feedc716b48b-300x39.png 300w, https:\/\/afref.eu\/wp-content\/uploads\/2024\/04\/cropped-croppedimage-ec28ab2ca1be491f8cb4feedc716b48b-1024x133.png 1024w, https:\/\/afref.eu\/wp-content\/uploads\/2024\/04\/cropped-croppedimage-ec28ab2ca1be491f8cb4feedc716b48b-1536x199.png 1536w, https:\/\/afref.eu\/wp-content\/uploads\/2024\/04\/cropped-croppedimage-ec28ab2ca1be491f8cb4feedc716b48b.png 1919w\" sizes=\"(max-width: 709px) 85vw, (max-width: 909px) 67vw, (max-width: 984px) 61vw, (max-width: 1362px) 45vw, 600px\" \/><\/div>\n\t\t<\/a>\n\t\t\t\t<div class=\"elementor-post__text\">\n\t\t\t\t<h3 class=\"elementor-post__title\">\n\t\t\t<a href=\"https:\/\/afref.eu\/index.php\/2024\/12\/18\/disputaction-jeudi-16-janvier-2025-2\/\" >\n\t\t\t\tWEBINAIRE &#8211; Jeudi 10 Avril 2025 : \u00ab\u00a0\u00ab\u00a0Comment la formation continue contribue-t-elle \u00e0 la transition \u00e9cologique :\u00a0 former pour transformer ?\u00a0\u00bb Avec C\u00e9cile De Calan, The Shift Projet, \u00e0 l&rsquo;occasion de la sortie du Shift Project Rapport\t\t\t<\/a>\n\t\t<\/h3>\n\t\t\t\t<div class=\"elementor-post__meta-data\">\n\t\t\t\t\t<span class=\"elementor-post-date\">\n\t\t\t18 d\u00e9cembre 2024\t\t<\/span>\n\t\t\t\t<\/div>\n\t\t\t\t<div class=\"elementor-post__excerpt\">\n\t\t\t<p>WEBINAIRE &#8211; Jeudi 10 Avril 2025 : \u00ab\u00a0Comment la formation continue contribue-t-elle \u00e0 la transition \u00e9cologique : former pour transformer ?\u00a0\u00bb Avec C\u00e9cile De Calan, The Shift Projet, \u00e0 l&rsquo;occasion de la sortie du Shift Project Rapport Le format disput&rsquo;action vise \u00e0 cr\u00e9er des espaces de prise de recul et d&rsquo;\u00e9change autour de la pr\u00e9sentation d&rsquo;un article et d&rsquo;une \u201cconfrontation\u201d des points de vue.Pour s&rsquo;inscrire : (\u00e0 venir)<\/p>\n\t\t<\/div>\n\t\t\n\t\t<a class=\"elementor-post__read-more\" href=\"https:\/\/afref.eu\/index.php\/2024\/12\/18\/disputaction-jeudi-16-janvier-2025-2\/\" aria-label=\"En savoir plus sur WEBINAIRE &#8211; Jeudi 10 Avril 2025 : \u00ab\u00a0\u00ab\u00a0Comment la formation continue contribue-t-elle \u00e0 la transition \u00e9cologique :\u00a0 former pour transformer ?\u00a0\u00bb Avec C\u00e9cile De Calan, The Shift Projet, \u00e0 l&rsquo;occasion de la sortie du Shift Project Rapport\" tabindex=\"-1\" >\n\t\t\tLire la suite \u00bb\t\t<\/a>\n\n\t\t\t\t<\/div>\n\t\t\t\t<\/article>\n\t\t\t\t<article class=\"elementor-post elementor-grid-item post-685 post type-post status-publish format-standard has-post-thumbnail hentry category-activites category-en_cours\">\n\t\t\t\t<a class=\"elementor-post__thumbnail__link\" href=\"https:\/\/afref.eu\/index.php\/2024\/12\/18\/disputaction-jeudi-16-janvier-2025-6\/\" tabindex=\"-1\" >\n\t\t\t<div class=\"elementor-post__thumbnail\"><img fetchpriority=\"high\" decoding=\"async\" width=\"768\" height=\"100\" src=\"https:\/\/afref.eu\/wp-content\/uploads\/2024\/04\/cropped-croppedimage-ec28ab2ca1be491f8cb4feedc716b48b-768x100.png\" class=\"attachment-medium_large size-medium_large wp-image-7\" alt=\"\" srcset=\"https:\/\/afref.eu\/wp-content\/uploads\/2024\/04\/cropped-croppedimage-ec28ab2ca1be491f8cb4feedc716b48b-768x100.png 768w, https:\/\/afref.eu\/wp-content\/uploads\/2024\/04\/cropped-croppedimage-ec28ab2ca1be491f8cb4feedc716b48b-300x39.png 300w, https:\/\/afref.eu\/wp-content\/uploads\/2024\/04\/cropped-croppedimage-ec28ab2ca1be491f8cb4feedc716b48b-1024x133.png 1024w, https:\/\/afref.eu\/wp-content\/uploads\/2024\/04\/cropped-croppedimage-ec28ab2ca1be491f8cb4feedc716b48b-1536x199.png 1536w, https:\/\/afref.eu\/wp-content\/uploads\/2024\/04\/cropped-croppedimage-ec28ab2ca1be491f8cb4feedc716b48b.png 1919w\" sizes=\"(max-width: 709px) 85vw, (max-width: 909px) 67vw, (max-width: 984px) 61vw, (max-width: 1362px) 45vw, 600px\" \/><\/div>\n\t\t<\/a>\n\t\t\t\t<div class=\"elementor-post__text\">\n\t\t\t\t<h3 class=\"elementor-post__title\">\n\t\t\t<a href=\"https:\/\/afref.eu\/index.php\/2024\/12\/18\/disputaction-jeudi-16-janvier-2025-6\/\" >\n\t\t\t\tDISPUT&rsquo;ACTION &#8211; Jeudi 27 Mars 2025 : \u00ab\u00a0Reconversion et transitions professionnelles : responsabilit\u00e9 individuelle ou collective ?\u00a0\u00bb Avec les interventions de :V\u00e9ronique Dessen Torres \u2013 Directrice Territoires et des Partenariats, France Comp\u00e9tences St\u00e9phane Maas \u2013 Directeur, Transitions Pro \u00cele-de-FranceAnim\u00e9 par Damien Brochier, C\u00e9req\t\t\t<\/a>\n\t\t<\/h3>\n\t\t\t\t<div class=\"elementor-post__meta-data\">\n\t\t\t\t\t<span class=\"elementor-post-date\">\n\t\t\t18 d\u00e9cembre 2024\t\t<\/span>\n\t\t\t\t<\/div>\n\t\t\t\t<div class=\"elementor-post__excerpt\">\n\t\t\t<p>Le DISPUT&rsquo;ACTION aura lieu le 27 mars (17h30-19h) sur la question : \u00ab Reconversion et transitions professionnelles : responsabilit\u00e9 individuelle ou collective ? \u00bbAvec les interventions de :V\u00e9ronique Dessen Torres \u2013 Directrice Territoires et des Partenariats, France Comp\u00e9tencesSt\u00e9phane Maas \u2013 Directeur, Transitions Pro \u00cele-de-FranceAnim\u00e9 par Damien Brochier, C\u00e9req Le format disput&rsquo;action vise \u00e0 cr\u00e9er des espaces de prise de recul et d&rsquo;\u00e9change autour de la pr\u00e9sentation d&rsquo;un article et d&rsquo;une \u201cconfrontation\u201d des points de vue.<\/p>\n\t\t<\/div>\n\t\t\n\t\t<a class=\"elementor-post__read-more\" href=\"https:\/\/afref.eu\/index.php\/2024\/12\/18\/disputaction-jeudi-16-janvier-2025-6\/\" aria-label=\"En savoir plus sur DISPUT&rsquo;ACTION &#8211; Jeudi 27 Mars 2025 : \u00ab\u00a0Reconversion et transitions professionnelles : responsabilit\u00e9 individuelle ou collective ?\u00a0\u00bb Avec les interventions de :V\u00e9ronique Dessen Torres \u2013 Directrice Territoires et des Partenariats, France Comp\u00e9tences St\u00e9phane Maas \u2013 Directeur, Transitions Pro \u00cele-de-FranceAnim\u00e9 par Damien Brochier, C\u00e9req\" tabindex=\"-1\" >\n\t\t\tLire la suite \u00bb\t\t<\/a>\n\n\t\t\t\t<\/div>\n\t\t\t\t<\/article>\n\t\t\t\t<article class=\"elementor-post elementor-grid-item post-683 post type-post status-publish format-standard has-post-thumbnail hentry category-activites category-en_cours\">\n\t\t\t\t<a class=\"elementor-post__thumbnail__link\" href=\"https:\/\/afref.eu\/index.php\/2024\/12\/18\/disputaction-jeudi-16-janvier-2025-5\/\" tabindex=\"-1\" >\n\t\t\t<div class=\"elementor-post__thumbnail\"><img fetchpriority=\"high\" decoding=\"async\" width=\"768\" height=\"100\" src=\"https:\/\/afref.eu\/wp-content\/uploads\/2024\/04\/cropped-croppedimage-ec28ab2ca1be491f8cb4feedc716b48b-768x100.png\" class=\"attachment-medium_large size-medium_large wp-image-7\" alt=\"\" srcset=\"https:\/\/afref.eu\/wp-content\/uploads\/2024\/04\/cropped-croppedimage-ec28ab2ca1be491f8cb4feedc716b48b-768x100.png 768w, https:\/\/afref.eu\/wp-content\/uploads\/2024\/04\/cropped-croppedimage-ec28ab2ca1be491f8cb4feedc716b48b-300x39.png 300w, https:\/\/afref.eu\/wp-content\/uploads\/2024\/04\/cropped-croppedimage-ec28ab2ca1be491f8cb4feedc716b48b-1024x133.png 1024w, https:\/\/afref.eu\/wp-content\/uploads\/2024\/04\/cropped-croppedimage-ec28ab2ca1be491f8cb4feedc716b48b-1536x199.png 1536w, https:\/\/afref.eu\/wp-content\/uploads\/2024\/04\/cropped-croppedimage-ec28ab2ca1be491f8cb4feedc716b48b.png 1919w\" sizes=\"(max-width: 709px) 85vw, (max-width: 909px) 67vw, (max-width: 984px) 61vw, (max-width: 1362px) 45vw, 600px\" \/><\/div>\n\t\t<\/a>\n\t\t\t\t<div class=\"elementor-post__text\">\n\t\t\t\t<h3 class=\"elementor-post__title\">\n\t\t\t<a href=\"https:\/\/afref.eu\/index.php\/2024\/12\/18\/disputaction-jeudi-16-janvier-2025-5\/\" >\n\t\t\t\tWEBINAIRE &#8211; Jeudi 27 F\u00e9vrier 2025 : \u00ab\u00a0RELEVER COLLECTIVEMENT LE D\u00c9FI DES TRANSITIONS PROFESSIONNELLES\u00a0\u00bb Avec Vincent Donne, France Strat\u00e9gie\t\t\t<\/a>\n\t\t<\/h3>\n\t\t\t\t<div class=\"elementor-post__meta-data\">\n\t\t\t\t\t<span class=\"elementor-post-date\">\n\t\t\t18 d\u00e9cembre 2024\t\t<\/span>\n\t\t\t\t<\/div>\n\t\t\t\t<div class=\"elementor-post__excerpt\">\n\t\t\t<p>Le WEBINAIRE aura lieu le Jeudi 27 F\u00e9vrier (13h &#8211; 14h30) sur la question : \u00ab RELEVER COLLECTIVEMENT LE D\u00c9FI DES TRANSITIONS PROFESSIONNELLES \u00bbIntervenante : Vincent Donne, France Strat\u00e9gie Le format disput&rsquo;action vise \u00e0 cr\u00e9er des espaces de prise de recul et d&rsquo;\u00e9change autour de la pr\u00e9sentation d&rsquo;un article et d&rsquo;une \u201cconfrontation\u201d des points de vue.<\/p>\n\t\t<\/div>\n\t\t\n\t\t<a class=\"elementor-post__read-more\" href=\"https:\/\/afref.eu\/index.php\/2024\/12\/18\/disputaction-jeudi-16-janvier-2025-5\/\" aria-label=\"En savoir plus sur WEBINAIRE &#8211; Jeudi 27 F\u00e9vrier 2025 : \u00ab\u00a0RELEVER COLLECTIVEMENT LE D\u00c9FI DES TRANSITIONS PROFESSIONNELLES\u00a0\u00bb Avec Vincent Donne, France Strat\u00e9gie\" tabindex=\"-1\" >\n\t\t\tLire la suite \u00bb\t\t<\/a>\n\n\t\t\t\t<\/div>\n\t\t\t\t<\/article>\n\t\t\t\t<article class=\"elementor-post elementor-grid-item post-368 post type-post status-publish format-standard has-post-thumbnail hentry category-activites\">\n\t\t\t\t<a class=\"elementor-post__thumbnail__link\" href=\"https:\/\/afref.eu\/index.php\/2024\/12\/18\/disputaction-jeudi-16-janvier-2025\/\" tabindex=\"-1\" >\n\t\t\t<div class=\"elementor-post__thumbnail\"><img fetchpriority=\"high\" decoding=\"async\" width=\"768\" height=\"100\" src=\"https:\/\/afref.eu\/wp-content\/uploads\/2024\/04\/cropped-croppedimage-ec28ab2ca1be491f8cb4feedc716b48b-768x100.png\" class=\"attachment-medium_large size-medium_large wp-image-7\" alt=\"\" srcset=\"https:\/\/afref.eu\/wp-content\/uploads\/2024\/04\/cropped-croppedimage-ec28ab2ca1be491f8cb4feedc716b48b-768x100.png 768w, https:\/\/afref.eu\/wp-content\/uploads\/2024\/04\/cropped-croppedimage-ec28ab2ca1be491f8cb4feedc716b48b-300x39.png 300w, https:\/\/afref.eu\/wp-content\/uploads\/2024\/04\/cropped-croppedimage-ec28ab2ca1be491f8cb4feedc716b48b-1024x133.png 1024w, https:\/\/afref.eu\/wp-content\/uploads\/2024\/04\/cropped-croppedimage-ec28ab2ca1be491f8cb4feedc716b48b-1536x199.png 1536w, https:\/\/afref.eu\/wp-content\/uploads\/2024\/04\/cropped-croppedimage-ec28ab2ca1be491f8cb4feedc716b48b.png 1919w\" sizes=\"(max-width: 709px) 85vw, (max-width: 909px) 67vw, (max-width: 984px) 61vw, (max-width: 1362px) 45vw, 600px\" \/><\/div>\n\t\t<\/a>\n\t\t\t\t<div class=\"elementor-post__text\">\n\t\t\t\t<h3 class=\"elementor-post__title\">\n\t\t\t<a href=\"https:\/\/afref.eu\/index.php\/2024\/12\/18\/disputaction-jeudi-16-janvier-2025\/\" >\n\t\t\t\tDISPUT&rsquo;ACTION &#8211; Jeudi 16 Janvier 2025 : \u00ab\u00a0D\u00e9bats sur l&rsquo;individualisation des parcours et des trajectoires : quelles pratiques et quels enjeux ?\u00a0\u00bb Avec France Travail, IP2A et France Comp\u00e9tences\t\t\t<\/a>\n\t\t<\/h3>\n\t\t\t\t<div class=\"elementor-post__meta-data\">\n\t\t\t\t\t<span class=\"elementor-post-date\">\n\t\t\t18 d\u00e9cembre 2024\t\t<\/span>\n\t\t\t\t<\/div>\n\t\t\t\t<div class=\"elementor-post__excerpt\">\n\t\t\t<p>16 janvier | Disput\u2019actionD\u00e9bats sur l\u2019individualisation des parcours et des trajectoires : quelles pratiques et quels enjeux\u202f?Avec des intervenants de France Travail, IP2A et France Comp\u00e9tences. 16 janvier | Disput\u2019actionD\u00e9bats sur l\u2019individualisation des parcours et des trajectoires : quelles pratiques et quels enjeux\u202f?Avec des intervenants de France Travail, IP2A et France Comp\u00e9tences. 30 janvier | Masterclass : Tirer parti des contraintesDes t\u00e9moignages concrets pour explorer des solutions innovantes. 30 janvier | Masterclass : Tirer parti des contraintesDes t\u00e9moignages concrets pour explorer des solutions innovantes. Intervenante&nbsp;: B\u00e9atrice Delay, cheffe de projet \u00e9tude-\u00e9valuation \u00e0 France Comp\u00e9tences et enseignante-chercheuse au CNAM<\/p>\n\t\t<\/div>\n\t\t\n\t\t<a class=\"elementor-post__read-more\" href=\"https:\/\/afref.eu\/index.php\/2024\/12\/18\/disputaction-jeudi-16-janvier-2025\/\" aria-label=\"En savoir plus sur DISPUT&rsquo;ACTION &#8211; Jeudi 16 Janvier 2025 : \u00ab\u00a0D\u00e9bats sur l&rsquo;individualisation des parcours et des trajectoires : quelles pratiques et quels enjeux ?\u00a0\u00bb Avec France Travail, IP2A et France Comp\u00e9tences\" tabindex=\"-1\" >\n\t\t\tLire la suite \u00bb\t\t<\/a>\n\n\t\t\t\t<\/div>\n\t\t\t\t<\/article>\n\t\t\t\t<article class=\"elementor-post elementor-grid-item post-370 post type-post status-publish format-standard has-post-thumbnail hentry category-activites\">\n\t\t\t\t<a class=\"elementor-post__thumbnail__link\" href=\"https:\/\/afref.eu\/index.php\/2024\/06\/17\/masterclass-jeudi-21-novembre-2024-comment-tirer-parti-des-contraintes-pour-innover-intervenants-pierrette-sorel-dominique-fauconnier-et-bertrand-midot\/\" tabindex=\"-1\" >\n\t\t\t<div class=\"elementor-post__thumbnail\"><img fetchpriority=\"high\" decoding=\"async\" width=\"768\" height=\"100\" src=\"https:\/\/afref.eu\/wp-content\/uploads\/2024\/04\/cropped-croppedimage-ec28ab2ca1be491f8cb4feedc716b48b-768x100.png\" class=\"attachment-medium_large size-medium_large wp-image-7\" alt=\"\" srcset=\"https:\/\/afref.eu\/wp-content\/uploads\/2024\/04\/cropped-croppedimage-ec28ab2ca1be491f8cb4feedc716b48b-768x100.png 768w, https:\/\/afref.eu\/wp-content\/uploads\/2024\/04\/cropped-croppedimage-ec28ab2ca1be491f8cb4feedc716b48b-300x39.png 300w, https:\/\/afref.eu\/wp-content\/uploads\/2024\/04\/cropped-croppedimage-ec28ab2ca1be491f8cb4feedc716b48b-1024x133.png 1024w, https:\/\/afref.eu\/wp-content\/uploads\/2024\/04\/cropped-croppedimage-ec28ab2ca1be491f8cb4feedc716b48b-1536x199.png 1536w, https:\/\/afref.eu\/wp-content\/uploads\/2024\/04\/cropped-croppedimage-ec28ab2ca1be491f8cb4feedc716b48b.png 1919w\" sizes=\"(max-width: 709px) 85vw, (max-width: 909px) 67vw, (max-width: 984px) 61vw, (max-width: 1362px) 45vw, 600px\" \/><\/div>\n\t\t<\/a>\n\t\t\t\t<div class=\"elementor-post__text\">\n\t\t\t\t<h3 class=\"elementor-post__title\">\n\t\t\t<a href=\"https:\/\/afref.eu\/index.php\/2024\/06\/17\/masterclass-jeudi-21-novembre-2024-comment-tirer-parti-des-contraintes-pour-innover-intervenants-pierrette-sorel-dominique-fauconnier-et-bertrand-midot\/\" >\n\t\t\t\tMASTERCLASS &#8211; Jeudi 21 novembre 2024 de 9h30 \u00e0 13 heures (3h30) : \u00ab\u00a0Tirer parti des contraintes ?\u00a0\u00bb             15 places sont ouvertes, inscrivez-vous rapidement !\t\t\t<\/a>\n\t\t<\/h3>\n\t\t\t\t<div class=\"elementor-post__meta-data\">\n\t\t\t\t\t<span class=\"elementor-post-date\">\n\t\t\t17 juin 2024\t\t<\/span>\n\t\t\t\t<\/div>\n\t\t\t\t<div class=\"elementor-post__excerpt\">\n\t\t\t<p>La MASTERCLASS aura lieu le Jeudi 21 novembre 2024 de 9h30 \u00e0 13 heures (dur\u00e9e 3h30) Lieu : PARIS \u2013 CNAM 26 Rue Gay-Lussac &#8211; 75005 Paris 15 places sont ouvertes, inscrivez-vous rapidement ! \u00a0\u00bb Tirer partie des contraintes\u00a0\u00bb La MASTERCLASS prolonge, approfondit et op\u00e9rationnalise pour chacun des participants la Disput&rsquo;Action de Septembre 2024. Organisateurs et Intervenants : Dominique FAUCONNIER (Intervenant ind\u00e9pendant, praticien, auteur des livres \u00ab\u00a0Tirer parti des contraintes\u00a0\u00bb et \u00ab\u00a0Sept techniques de formation novatrices\u00a0\u00bb aux \u00e9ditions Chronique Sociale) Bertrand MIDOT (Ing\u00e9nieur p\u00e9dagogique) Pierrette SOREL (ex Responsable formation \/ d\u00e9veloppement des comp\u00e9tences &#8211; consultante d\u00e9veloppement professionnel) Participants\u00a0: Toute personne int\u00e9ress\u00e9e par l\u2019approche (acteurs de la formation, du d\u00e9veloppement RH \u2026.) CONTEXTE Faire autrement avec ses contraintes ? Une illusion ? Une possibilit\u00e9 ? Une opportunit\u00e9 ?Nous sommes tous confront\u00e9s \u00e0 des contraintes, plus ou moins fortes, plus ou moins constantes !\u00c0 la suite du webinaire du 21 septembre qui a permis de pr\u00e9senter le principe \u00ab\u00a0tirer parti des contraintes\u00a0\u00bb, \u00e0 partir de deux t\u00e9moignages concrets, nous organisons, \u00e0 Paris, une MASTER CLASS le 21 novembre (cf. programme).Cette s\u00e9ance vous permettra de prendre un temps pour \u00ab poser \u00bb vos contraintes, \u00e0 partir d&rsquo;une situation de votre choix, r\u00e9fl\u00e9chir, partager,<\/p>\n\t\t<\/div>\n\t\t\n\t\t<a class=\"elementor-post__read-more\" href=\"https:\/\/afref.eu\/index.php\/2024\/06\/17\/masterclass-jeudi-21-novembre-2024-comment-tirer-parti-des-contraintes-pour-innover-intervenants-pierrette-sorel-dominique-fauconnier-et-bertrand-midot\/\" aria-label=\"En savoir plus sur MASTERCLASS &#8211; Jeudi 21 novembre 2024 de 9h30 \u00e0 13 heures (3h30) : \u00ab\u00a0Tirer parti des contraintes ?\u00a0\u00bb             15 places sont ouvertes, inscrivez-vous rapidement !\" tabindex=\"-1\" >\n\t\t\tLire la suite \u00bb\t\t<\/a>\n\n\t\t\t\t<\/div>\n\t\t\t\t<\/article>\n\t\t\t\t<article class=\"elementor-post elementor-grid-item post-366 post type-post status-publish format-standard has-post-thumbnail hentry category-activites\">\n\t\t\t\t<a class=\"elementor-post__thumbnail__link\" href=\"https:\/\/afref.eu\/index.php\/2024\/06\/17\/disputaction-jeudi-19-septembre-2024-comment-tirer-parti-des-contraintes-pour-innover\/\" tabindex=\"-1\" >\n\t\t\t<div class=\"elementor-post__thumbnail\"><img decoding=\"async\" width=\"768\" height=\"396\" src=\"https:\/\/afref.eu\/wp-content\/uploads\/2024\/06\/Disputaction-768x396.jpg\" class=\"attachment-medium_large size-medium_large wp-image-550\" alt=\"\" srcset=\"https:\/\/afref.eu\/wp-content\/uploads\/2024\/06\/Disputaction-768x396.jpg 768w, https:\/\/afref.eu\/wp-content\/uploads\/2024\/06\/Disputaction-300x155.jpg 300w, https:\/\/afref.eu\/wp-content\/uploads\/2024\/06\/Disputaction-1024x528.jpg 1024w, https:\/\/afref.eu\/wp-content\/uploads\/2024\/06\/Disputaction-1200x619.jpg 1200w, https:\/\/afref.eu\/wp-content\/uploads\/2024\/06\/Disputaction.jpg 1386w\" sizes=\"(max-width: 709px) 85vw, (max-width: 909px) 67vw, (max-width: 984px) 61vw, (max-width: 1362px) 45vw, 600px\" \/><\/div>\n\t\t<\/a>\n\t\t\t\t<div class=\"elementor-post__text\">\n\t\t\t\t<h3 class=\"elementor-post__title\">\n\t\t\t<a href=\"https:\/\/afref.eu\/index.php\/2024\/06\/17\/disputaction-jeudi-19-septembre-2024-comment-tirer-parti-des-contraintes-pour-innover\/\" >\n\t\t\t\tWEBINAIRE &#8211; Jeudi 19 septembre 2024 : \u00ab\u00a0Tirer parti des contraintes ? \u00ab\u00a0\t\t\t<\/a>\n\t\t<\/h3>\n\t\t\t\t<div class=\"elementor-post__meta-data\">\n\t\t\t\t\t<span class=\"elementor-post-date\">\n\t\t\t17 juin 2024\t\t<\/span>\n\t\t\t\t<\/div>\n\t\t\t\t<div class=\"elementor-post__excerpt\">\n\t\t\t<p>La DISPUT&rsquo;ACTION aura\u00a0 lieu le Jeudi 19 septembre 2024 de 11h \u00e0 12h30 et sera un temps privil\u00e9gi\u00e9 de partage et de transmission de pratiques sur le th\u00e8me : \u00ab Tirer parti des contraintes \u00bb Organisateurs et Intervenants :\u00a0 Dominique FAUCONNIER (Intervenant ind\u00e9pendant, praticien, auteur du livre \u00ab\u00a0Tirer parti des contraintes\u00a0\u00bb aux \u00e9ditions Chronique Sociale) Bertrand MIDOT (Ing\u00e9nieur p\u00e9dagogique) Pierrette Sorel (ex Responsable formation \/ d\u00e9veloppement des comp\u00e9tences &#8211; consultante d\u00e9veloppement professionnel) Le format disput&rsquo;action vise \u00e0 cr\u00e9er des espaces de prise de recul et d&rsquo;\u00e9change autour de la pr\u00e9sentation d&rsquo;un article et d&rsquo;une \u201cconfrontation\u201d des points de vue. Le but de ce webinaire DISPUT&rsquo;ACTION est de partager une approche reposant sur le fait de \u00ab Tirer parti des contraintes \u00bb qui favorise l\u2019innovation, le d\u00e9veloppement de l\u2019activit\u00e9 et l\u2019approfondissement des savoir-faire de chacun. Ce principe permet d\u2019identifier des points d\u2019entr\u00e9e dans l\u2019action, il ouvre \u00e0 une dynamique se nourrissant des contraintes rencontr\u00e9es dans l\u2019exercice\u00a0du m\u00e9tier et il donne des occasions aux acteurs d\u2019agir efficacement. Ce webinaire vise \u00e0 d\u00e9couvrir ou \u00e0 mieux conna\u00eetre cette approche, \u00e0 comprendre comment il est possible de la mettre en \u0153uvre et les \u00e9conomies de moyen qu\u2019elle permet. Afin de simplifier la pr\u00e9sentation, nous<\/p>\n\t\t<\/div>\n\t\t\n\t\t<a class=\"elementor-post__read-more\" href=\"https:\/\/afref.eu\/index.php\/2024\/06\/17\/disputaction-jeudi-19-septembre-2024-comment-tirer-parti-des-contraintes-pour-innover\/\" aria-label=\"En savoir plus sur WEBINAIRE &#8211; Jeudi 19 septembre 2024 : \u00ab\u00a0Tirer parti des contraintes ? \u00ab\u00a0\" tabindex=\"-1\" >\n\t\t\tLire la suite \u00bb\t\t<\/a>\n\n\t\t\t\t<\/div>\n\t\t\t\t<\/article>\n\t\t\t\t<article class=\"elementor-post elementor-grid-item post-340 post type-post status-publish format-standard has-post-thumbnail hentry category-activites\">\n\t\t\t\t<a class=\"elementor-post__thumbnail__link\" href=\"https:\/\/afref.eu\/index.php\/2024\/06\/17\/disputaction-jeudi-20-juin-2024-comment-la-creation-de-france-travail-impacte-t-elle-les-partenariats\/\" tabindex=\"-1\" >\n\t\t\t<div class=\"elementor-post__thumbnail\"><img decoding=\"async\" width=\"768\" height=\"737\" src=\"https:\/\/afref.eu\/wp-content\/uploads\/2024\/06\/Afref-Presentation-LinkedIn-20-juin-768x737.png\" class=\"attachment-medium_large size-medium_large wp-image-353\" alt=\"\" srcset=\"https:\/\/afref.eu\/wp-content\/uploads\/2024\/06\/Afref-Presentation-LinkedIn-20-juin-768x737.png 768w, https:\/\/afref.eu\/wp-content\/uploads\/2024\/06\/Afref-Presentation-LinkedIn-20-juin-300x288.png 300w, https:\/\/afref.eu\/wp-content\/uploads\/2024\/06\/Afref-Presentation-LinkedIn-20-juin.png 912w\" sizes=\"(max-width: 709px) 85vw, (max-width: 909px) 67vw, (max-width: 984px) 61vw, (max-width: 1362px) 45vw, 600px\" \/><\/div>\n\t\t<\/a>\n\t\t\t\t<div class=\"elementor-post__text\">\n\t\t\t\t<h3 class=\"elementor-post__title\">\n\t\t\t<a href=\"https:\/\/afref.eu\/index.php\/2024\/06\/17\/disputaction-jeudi-20-juin-2024-comment-la-creation-de-france-travail-impacte-t-elle-les-partenariats\/\" >\n\t\t\t\tDISPUT&rsquo;ACTION &#8211; Jeudi 20 juin 2024 : \u00ab\u00a0Comment la cr\u00e9ation de France Travail impacte-t-elle les partenariats ?\u00a0\u00bb\t\t\t<\/a>\n\t\t<\/h3>\n\t\t\t\t<div class=\"elementor-post__meta-data\">\n\t\t\t\t\t<span class=\"elementor-post-date\">\n\t\t\t17 juin 2024\t\t<\/span>\n\t\t\t\t<\/div>\n\t\t\t\t<div class=\"elementor-post__excerpt\">\n\t\t\t<p>Intervenants\u00a0: Laurence Salt, Isabelle Ruot et Philippe Tourneur<\/p>\n\t\t<\/div>\n\t\t\n\t\t<a class=\"elementor-post__read-more\" href=\"https:\/\/afref.eu\/index.php\/2024\/06\/17\/disputaction-jeudi-20-juin-2024-comment-la-creation-de-france-travail-impacte-t-elle-les-partenariats\/\" aria-label=\"En savoir plus sur DISPUT&rsquo;ACTION &#8211; Jeudi 20 juin 2024 : \u00ab\u00a0Comment la cr\u00e9ation de France Travail impacte-t-elle les partenariats ?\u00a0\u00bb\" tabindex=\"-1\" >\n\t\t\tLire la suite \u00bb\t\t<\/a>\n\n\t\t\t\t<\/div>\n\t\t\t\t<\/article>\n\t\t\t\t<article class=\"elementor-post elementor-grid-item post-389 post type-post status-publish format-standard has-post-thumbnail hentry category-activites\">\n\t\t\t\t<a class=\"elementor-post__thumbnail__link\" href=\"https:\/\/afref.eu\/index.php\/2024\/06\/16\/disputaction-jeudi-23-mai-2024-comment-les-entreprises-forment-elles-resultats-de-lenquete-formation-employeurs-efe\/\" tabindex=\"-1\" >\n\t\t\t<div class=\"elementor-post__thumbnail\"><img loading=\"lazy\" decoding=\"async\" width=\"569\" height=\"300\" src=\"https:\/\/afref.eu\/wp-content\/uploads\/2024\/06\/Disput-23-mai.png\" class=\"attachment-medium_large size-medium_large wp-image-512\" alt=\"\" srcset=\"https:\/\/afref.eu\/wp-content\/uploads\/2024\/06\/Disput-23-mai.png 569w, https:\/\/afref.eu\/wp-content\/uploads\/2024\/06\/Disput-23-mai-300x158.png 300w\" sizes=\"(max-width: 569px) 85vw, 569px\" \/><\/div>\n\t\t<\/a>\n\t\t\t\t<div class=\"elementor-post__text\">\n\t\t\t\t<h3 class=\"elementor-post__title\">\n\t\t\t<a href=\"https:\/\/afref.eu\/index.php\/2024\/06\/16\/disputaction-jeudi-23-mai-2024-comment-les-entreprises-forment-elles-resultats-de-lenquete-formation-employeurs-efe\/\" >\n\t\t\t\tDISPUT&rsquo;ACTION &#8211; Jeudi 23 mai 2024 : \u00ab\u00a0Comment les entreprises forment-elles ? R\u00e9sultats de l\u2019Enqu\u00eate Formation Employeurs (EFE)\u00a0\u00bb\t\t\t<\/a>\n\t\t<\/h3>\n\t\t\t\t<div class=\"elementor-post__meta-data\">\n\t\t\t\t\t<span class=\"elementor-post-date\">\n\t\t\t16 juin 2024\t\t<\/span>\n\t\t\t\t<\/div>\n\t\t\t\t<div class=\"elementor-post__excerpt\">\n\t\t\t<p>Intervenante\u00a0: Agn\u00e8s Checcaglini, Charg\u00e9e d&rsquo;\u00e9tudes du C\u00e9req, travaillant au centre associ\u00e9 de Caen (laboratoire Espaces et Soci\u00e9t\u00e9s &#8211; ESO)<\/p>\n\t\t<\/div>\n\t\t\n\t\t<a class=\"elementor-post__read-more\" href=\"https:\/\/afref.eu\/index.php\/2024\/06\/16\/disputaction-jeudi-23-mai-2024-comment-les-entreprises-forment-elles-resultats-de-lenquete-formation-employeurs-efe\/\" aria-label=\"En savoir plus sur DISPUT&rsquo;ACTION &#8211; Jeudi 23 mai 2024 : \u00ab\u00a0Comment les entreprises forment-elles ? R\u00e9sultats de l\u2019Enqu\u00eate Formation Employeurs (EFE)\u00a0\u00bb\" tabindex=\"-1\" >\n\t\t\tLire la suite \u00bb\t\t<\/a>\n\n\t\t\t\t<\/div>\n\t\t\t\t<\/article>\n\t\t\t\t<article class=\"elementor-post elementor-grid-item post-309 post type-post status-publish format-standard has-post-thumbnail hentry category-activites\">\n\t\t\t\t<a class=\"elementor-post__thumbnail__link\" href=\"https:\/\/afref.eu\/index.php\/2024\/04\/08\/jeudi-25-avril-2024-17h30-les-apprenants-au-centre-des-dispositifs-de-formation\/\" tabindex=\"-1\" >\n\t\t\t<div class=\"elementor-post__thumbnail\"><img loading=\"lazy\" decoding=\"async\" width=\"768\" height=\"968\" src=\"https:\/\/afref.eu\/wp-content\/uploads\/2024\/04\/Disputaction-25-avril-2024-768x968.jpg\" class=\"attachment-medium_large size-medium_large wp-image-137\" alt=\"\" srcset=\"https:\/\/afref.eu\/wp-content\/uploads\/2024\/04\/Disputaction-25-avril-2024-768x968.jpg 768w, https:\/\/afref.eu\/wp-content\/uploads\/2024\/04\/Disputaction-25-avril-2024-238x300.jpg 238w, https:\/\/afref.eu\/wp-content\/uploads\/2024\/04\/Disputaction-25-avril-2024-813x1024.jpg 813w, https:\/\/afref.eu\/wp-content\/uploads\/2024\/04\/Disputaction-25-avril-2024-1219x1536.jpg 1219w, https:\/\/afref.eu\/wp-content\/uploads\/2024\/04\/Disputaction-25-avril-2024.jpg 1393w\" sizes=\"(max-width: 709px) 85vw, (max-width: 909px) 67vw, (max-width: 984px) 61vw, (max-width: 1362px) 45vw, 600px\" \/><\/div>\n\t\t<\/a>\n\t\t\t\t<div class=\"elementor-post__text\">\n\t\t\t\t<h3 class=\"elementor-post__title\">\n\t\t\t<a href=\"https:\/\/afref.eu\/index.php\/2024\/04\/08\/jeudi-25-avril-2024-17h30-les-apprenants-au-centre-des-dispositifs-de-formation\/\" >\n\t\t\t\tDISPUT&rsquo;ACTION &#8211; Jeudi 25 avril 2024 : \u00ab\u00a0Les apprenants au centre des dispositifs de formation ?\u00a0\u00bb\t\t\t<\/a>\n\t\t<\/h3>\n\t\t\t\t<div class=\"elementor-post__meta-data\">\n\t\t\t\t\t<span class=\"elementor-post-date\">\n\t\t\t8 avril 2024\t\t<\/span>\n\t\t\t\t<\/div>\n\t\t\t\t<div class=\"elementor-post__excerpt\">\n\t\t\t<p>Intervenants\u00a0: Jean-Marie Barbier, Martine Dutoit et Patrick Waeles\u00a0<\/p>\n\t\t<\/div>\n\t\t\n\t\t<a class=\"elementor-post__read-more\" href=\"https:\/\/afref.eu\/index.php\/2024\/04\/08\/jeudi-25-avril-2024-17h30-les-apprenants-au-centre-des-dispositifs-de-formation\/\" aria-label=\"En savoir plus sur DISPUT&rsquo;ACTION &#8211; Jeudi 25 avril 2024 : \u00ab\u00a0Les apprenants au centre des dispositifs de formation ?\u00a0\u00bb\" tabindex=\"-1\" >\n\t\t\tLire la suite \u00bb\t\t<\/a>\n\n\t\t\t\t<\/div>\n\t\t\t\t<\/article>\n\t\t\t\t<article class=\"elementor-post elementor-grid-item post-307 post type-post status-publish format-standard has-post-thumbnail hentry category-activites\">\n\t\t\t\t<a class=\"elementor-post__thumbnail__link\" href=\"https:\/\/afref.eu\/index.php\/2024\/04\/08\/disputaction-jeudi-28-mars-2024-evolution-socio-historique-de-la-notion-de-competence-au-regard-du-travail-et-des-ses-conditions\/\" tabindex=\"-1\" >\n\t\t\t<div class=\"elementor-post__thumbnail\"><img loading=\"lazy\" decoding=\"async\" width=\"569\" height=\"366\" src=\"https:\/\/afref.eu\/wp-content\/uploads\/2024\/06\/Disput-28-mars.png\" class=\"attachment-medium_large size-medium_large wp-image-513\" alt=\"\" srcset=\"https:\/\/afref.eu\/wp-content\/uploads\/2024\/06\/Disput-28-mars.png 569w, https:\/\/afref.eu\/wp-content\/uploads\/2024\/06\/Disput-28-mars-300x193.png 300w\" sizes=\"(max-width: 569px) 85vw, 569px\" \/><\/div>\n\t\t<\/a>\n\t\t\t\t<div class=\"elementor-post__text\">\n\t\t\t\t<h3 class=\"elementor-post__title\">\n\t\t\t<a href=\"https:\/\/afref.eu\/index.php\/2024\/04\/08\/disputaction-jeudi-28-mars-2024-evolution-socio-historique-de-la-notion-de-competence-au-regard-du-travail-et-des-ses-conditions\/\" >\n\t\t\t\tDISPUT&rsquo;ACTION &#8211; Jeudi 28 mars 2024 : \u00ab\u00a0Evolution socio-historique de la notion de comp\u00e9tence au regard du travail et des ses conditions\u00a0\u00bb\t\t\t<\/a>\n\t\t<\/h3>\n\t\t\t\t<div class=\"elementor-post__meta-data\">\n\t\t\t\t\t<span class=\"elementor-post-date\">\n\t\t\t8 avril 2024\t\t<\/span>\n\t\t\t\t<\/div>\n\t\t\t\t<div class=\"elementor-post__excerpt\">\n\t\t\t<p>Intervenants : St\u00e9phane Balas, Bernard Barbier.<\/p>\n\t\t<\/div>\n\t\t\n\t\t<a class=\"elementor-post__read-more\" href=\"https:\/\/afref.eu\/index.php\/2024\/04\/08\/disputaction-jeudi-28-mars-2024-evolution-socio-historique-de-la-notion-de-competence-au-regard-du-travail-et-des-ses-conditions\/\" aria-label=\"En savoir plus sur DISPUT&rsquo;ACTION &#8211; Jeudi 28 mars 2024 : \u00ab\u00a0Evolution socio-historique de la notion de comp\u00e9tence au regard du travail et des ses conditions\u00a0\u00bb\" tabindex=\"-1\" >\n\t\t\tLire la suite \u00bb\t\t<\/a>\n\n\t\t\t\t<\/div>\n\t\t\t\t<\/article>\n\t\t\t\t<\/div>\n\t\t\n\t\t\t\t\t\t<\/div>\n\t\t\t\t<\/div>\n\t\t\t\t\t<\/div>\n\t\t\t\t<\/div>\n\t\t\t\t<\/div>\n\t\t","protected":false},"excerpt":{"rendered":"","protected":false},"author":1,"featured_media":0,"parent":0,"menu_order":0,"comment_status":"closed","ping_status":"closed","template":"","meta":{"footnotes":""},"class_list":["post-269","page","type-page","status-publish","hentry"],"_links":{"self":[{"href":"https:\/\/afref.eu\/index.php\/wp-json\/wp\/v2\/pages\/269","targetHints":{"allow":["GET"]}}],"collection":[{"href":"https:\/\/afref.eu\/index.php\/wp-json\/wp\/v2\/pages"}],"about":[{"href":"https:\/\/afref.eu\/index.php\/wp-json\/wp\/v2\/types\/page"}],"author":[{"embeddable":true,"href":"https:\/\/afref.eu\/index.php\/wp-json\/wp\/v2\/users\/1"}],"replies":[{"embeddable":true,"href":"https:\/\/afref.eu\/index.php\/wp-json\/wp\/v2\/comments?post=269"}],"version-history":[{"count":23,"href":"https:\/\/afref.eu\/index.php\/wp-json\/wp\/v2\/pages\/269\/revisions"}],"predecessor-version":[{"id":455,"href":"https:\/\/afref.eu\/index.php\/wp-json\/wp\/v2\/pages\/269\/revisions\/455"}],"wp:attachment":[{"href":"https:\/\/afref.eu\/index.php\/wp-json\/wp\/v2\/media?parent=269"}],"curies":[{"name":"wp","href":"https:\/\/api.w.org\/{rel}","templated":true}]}}